{"id":549,"date":"2025-03-31T12:49:49","date_gmt":"2025-03-31T12:49:49","guid":{"rendered":"http:\/\/csep.hu\/?page_id=549"},"modified":"2025-03-31T13:06:12","modified_gmt":"2025-03-31T13:06:12","slug":"leader-palyazat","status":"publish","type":"page","link":"http:\/\/csep.hu\/?page_id=549","title":{"rendered":"Leader p\u00e1ly\u00e1zat"},"content":{"rendered":"\n<figure class=\"wp-block-image size-large\"><a href=\"http:\/\/csep.hu\/wp-content\/uploads\/2025\/03\/logo2-scaled.jpg\"><img loading=\"lazy\" decoding=\"async\" width=\"1024\" height=\"175\" src=\"http:\/\/csep.hu\/wp-content\/uploads\/2025\/03\/logo2-1024x175.jpg\" alt=\"\" class=\"wp-image-556\" srcset=\"http:\/\/csep.hu\/wp-content\/uploads\/2025\/03\/logo2-1024x175.jpg 1024w, http:\/\/csep.hu\/wp-content\/uploads\/2025\/03\/logo2-300x51.jpg 300w, http:\/\/csep.hu\/wp-content\/uploads\/2025\/03\/logo2-768x131.jpg 768w, http:\/\/csep.hu\/wp-content\/uploads\/2025\/03\/logo2-1536x263.jpg 1536w, http:\/\/csep.hu\/wp-content\/uploads\/2025\/03\/logo2-2048x350.jpg 2048w, http:\/\/csep.hu\/wp-content\/uploads\/2025\/03\/logo2-750x128.jpg 750w\" sizes=\"(max-width: 1024px) 100vw, 1024px\" \/><\/a><\/figure>\n\n\n\n<p><strong>Kedvezm\u00e9nyezett<\/strong>: Cs\u00e9p K\u00f6zs\u00e9g \u00d6nkorm\u00e1nyzata<\/p>\n\n\n\n<p><strong>Projekt c\u00edme<\/strong>:<em>A cs\u00e9pi k\u00f6z\u00f6ss\u00e9gi terek kezel\u00e9s\u00e9hez sz\u00fcks\u00e9ges g\u00e9pek beszerz\u00e9se<\/em><\/p>\n\n\n\n<p><strong>LEADER helyi felh\u00edv\u00e1s c\u00edme, k\u00f3dja<\/strong>: K\u00f6z\u00f6ss\u00e9gi c\u00e9l\u00fa fejleszt\u00e9sek VP6-19.2.1.-8-7-21<\/p>\n\n\n\n<p><strong>T\u00e1mogat\u00e1s \u00f6sszege<\/strong>: 6&nbsp;985 000,- Ft<\/p>\n\n\n\n<p><strong>T\u00e1mogat\u00e1s m\u00e9rt\u00e9ke<\/strong>: 100%<\/p>\n\n\n\n<p><strong>Projekt azonos\u00edt\u00f3sz\u00e1ma:<\/strong> 3440913958<\/p>\n\n\n\n<p><strong>Projekt helysz\u00edne<\/strong>: 2946 Cs\u00e9p, Kossuth L. u. 52.<\/p>\n\n\n\n<p><strong>A projekt tervezett befejez\u00e9si d\u00e1tuma<\/strong>: 2024.12.31.<\/p>\n\n\n\n<p>Cs\u00e9p k\u00f6zs\u00e9g z\u00f6ldter\u00fcletei, k\u00f6z\u00f6ss\u00e9gi terei haszn\u00e1lhat\u00f3s\u00e1g\u00e1nak felt\u00e9tele a tavaszt\u00f3-\u0151szig tart\u00f3 id\u0151szakban a folyamatos f\u0171ny\u00edr\u00e1s, valamint f\u0151k\u00e9nt a t\u00e9li f\u00e9l\u00e9vben a f\u00e1ssz\u00e1r\u00fa n\u00f6v\u00e9nyek \u00e1pol\u00e1sa, ritk\u00edt\u00e1sa. A k\u00f6zs\u00e9g k\u00f6zter\u00fcleteinek fenntart\u00e1s\u00e1hoz, a parkok, k\u00f6zterek k\u00f6z\u00f6ss\u00e9gi t\u00e9rk\u00e9nt val\u00f3 haszn\u00e1lhat\u00f3s\u00e1g\u00e1hoz volt sz\u00fcks\u00e9ges az \u00e9rintett g\u00e9pek beszerz\u00e9se. A kor\u00e1bbi g\u00e9pparkkal nem volt megoldhat\u00f3 a terek folyamatos rendben tart\u00e1sa, az \u00f6nkorm\u00e1nyzat g\u00e9pparkja elavult, illetve nem rendelkezett a fejleszt\u00e9s szerinti t\u00edpus\u00fa, illetve teljes\u00edtm\u00e9ny\u0171 g\u00e9pekkel. A lakoss\u00e1g r\u00e9sz\u00e9r\u0151l indokolt ig\u00e9nyk\u00e9nt mer\u00fcl fel a k\u00f6zter\u00fcletek, a term\u00e9szeti k\u00f6rnyezet ig\u00e9nyes megjelen\u00e9se. A faluban \u00e1thalad\u00f3 \u00e9s \u00e9rkez\u0151 vend\u00e9gek, turist\u00e1k a telep\u00fcl\u00e9s k\u00f6zpontj\u00e1t, a z\u00f6ldfel\u00fcleteket, mint pihen\u0151parkot haszn\u00e1lj\u00e1k, melyhez szint\u00e9t sz\u00fcks\u00e9ges ezek folyamatos rendben tart\u00e1sa.<\/p>\n\n\n\n<p>A fejleszt\u00e9s sor\u00e1n az al\u00e1bbi z\u00f6ldfel\u00fclet kezel\u0151-fenntart\u00f3, Stihl m\u00e1rk\u00e1j\u00fa g\u00e9peket szerezt\u00fck be az akci\u00f3csoport ter\u00fclet\u00e9n sz\u00e9khellyel rendelkez\u0151 szakkeresked\u0151t\u0151l:<\/p>\n\n\n\n<ul>\n<li>1 db RT 6127 Plus <strong>f\u0171ny\u00edr\u00f3 traktor<\/strong>: nagy teljes\u00edtm\u00e9ny\u0171 f\u0171ny\u00edr\u00f3 traktor k\u00e9nyelmes kezelhet\u0151s\u00e9ggel \u00e9s nagy menetkomforttal. K\u00fcl\u00f6n\u00f6sennagy, ak\u00e1r 10 000 n\u00e9gyzetm\u00e9teres f\u00fcves ter\u00fcletek gondoz\u00e1s\u00e1ra. A STIHL egyedi ir\u00e1nyv\u00e1lt\u00f3 rendszer\u00e9vel \u00e9s 350 literes f\u0171gy\u0171jt\u0151 kos\u00e1rral.<\/li>\n\n\n\n<li>4 db FS 411 C <strong>f\u0171kasza<\/strong>: motoros kasza ide\u00e1lis a professzion\u00e1lis erd\u0151- \u00e9s t\u00e1jgondoz\u00e1si feladatokhoz, s\u0171r\u0171 f\u0171vel ben\u0151tt ter\u00fcletek hat\u00e9kony ny\u00edr\u00e1s\u00e1hoz. A STIHL 2-MIX motor er\u0151teljes \u00e9s takar\u00e9kos is egyben, a g\u00e9p ak\u00e1r erdei szecsk\u00e1z\u00e1si \u00e9s tiszt\u00edt\u00e1si munk\u00e1kra is alkalmas. Az ind\u00edt\u00e1si folyamat megk\u00f6nny\u00edt\u00e9se \u00e9rdek\u00e9ben a kasza STIHL ErgoStarttal rendelkezik. A STIHL M-Tronic teljesen elektronikus motorir\u00e1ny\u00edt\u00e1s folyamatosan biztos\u00edtja az optim\u00e1lis motorteljes\u00edtm\u00e9nyt, az \u00e1lland\u00f3 magas fordulatsz\u00e1mot \u00e9s a kiv\u00e1l\u00f3 gyorsul\u00e1st. A k\u00fcl\u00f6n\u00f6sen nagy v\u00e1g\u00f3k\u00f6r-\u00e1tm\u00e9r\u0151 a nagyobb ter\u00fcletek gyors \u00e9s hat\u00e9kony ny\u00edr\u00e1s\u00e1t teszi lehet\u0151v\u00e9.<\/li>\n\n\n\n<li>4 db RM 253 <strong>f\u0171ny\u00edr\u00f3 g\u00e9p<\/strong>: az 51 cm-es munkasz\u00e9less\u00e9ggel rendelkez\u0151 STIHL RM 253 benzinmotoros f\u0171ny\u00edr\u00f3 g\u00e9p ak\u00e1r 1.800 m2 nagys\u00e1g\u00fa f\u00fcves ter\u00fclet ny\u00edr\u00e1s\u00e1ra is alkalmas. A k\u00f6nny\u0171 ind\u00edt\u00e1s\u00fa f\u0171ny\u00edr\u00f3 g\u00e9p hidegen \u00e9s melegen is k\u00f6nnyed\u00e9n ind\u00edthat\u00f3. Lehajthat\u00f3 tol\u00f3kar \u00e9s nagyon puha markolat a k\u00e9nyelmes \u00e9s ergonomikus munkav\u00e9gz\u00e9s \u00e9rdek\u00e9ben. Az 55 literes f\u0171gy\u0171jt\u0151 kos\u00e1r egyszer\u0171en \u00fcr\u00edthet\u0151. A v\u00e1g\u00e1smagass\u00e1g a k\u00f6zponti v\u00e1g\u00e1smagass\u00e1g-\u00e1ll\u00edt\u00e1s seg\u00edts\u00e9g\u00e9vel h\u00e9t fokozatban (25 &#8211; 75 mm k\u00f6z\u00f6tt) \u00e1ll\u00edthat\u00f3.<\/li>\n\n\n\n<li>1 db MS 261 C <strong>motoros f\u0171r\u00e9sz<\/strong>: sokoldal\u00fa benzines motorf\u0171r\u00e9sz a k\u00f6z\u00e9ps\u0151 teljes\u00edtm\u00e9nyoszt\u00e1lyb\u00f3l, M-Tronic motorvez\u00e9rl\u00e9ssel. Takar\u00e9kos, k\u00f6rnyezetk\u00edm\u00e9l\u0151 \u00fczemeltet\u00e9s\u0171, alacsony vibr\u00e1ci\u00f3j\u00fa. Univerz\u00e1lisan haszn\u00e1lhat\u00f3 a nevel\u0151v\u00e1g\u00e1sokban, az \u00e9p\u00edt\u0151iparban, a gazdas\u00e1gokban \u00e9s a t\u0171zifa darabol\u00e1shoz is.<\/li>\n\n\n\n<li>&nbsp;1db MS 462 C <strong>motoros f\u0171r\u00e9sz<\/strong>: s\u00faly-optimaliz\u00e1lt, nagy teljes\u00edtm\u00e9ny\u0171 f\u0171r\u00e9sz a k\u00f6zepes \u00e9s vastagabb fa\u00e1llom\u00e1nyokban v\u00e9gzett munk\u00e1khoz, takar\u00e9kos 2-MIX motorral. Az M-Tronic motorvez\u00e9rl\u00e9s garant\u00e1lja az \u00e1lland\u00f3, optim\u00e1lis motorteljes\u00edtm\u00e9nyt, mik\u00f6zben a Start poz\u00edci\u00f3nak k\u00f6sz\u00f6nhet\u0151en egyszer\u0171 ind\u00edt\u00e1s jellemzi. HD2-sz\u0171r\u0151, szersz\u00e1m n\u00e9lk\u00fcl nyithat\u00f3 tankz\u00e1r, mennyis\u00e9g szab\u00e1lyoz\u00e1s\u00fa olajszivatty\u00fa. A motorf\u0171r\u00e9szt a 30030005217-es vezet\u0151lemezzel forgalmazzuk.<\/li>\n\n\n\n<li>1 db GEO D 600 <strong>sorm\u0171vel\u0151, kit\u00e9r\u0151 f\u0171ny\u00edr\u00f3<\/strong>: vontathat\u00f3 gyomos, gazos ter\u00fcletek tiszt\u00edt\u00e1s\u00e1ra \u00e9s gyepfel\u00fcletek \u00e1pol\u00e1s\u00e1ra, kiv\u00e1l\u00f3an alkalmas f\u00e1s, bokros ter\u00fcletek tiszt\u00edt\u00e1s\u00e1ra. N\u00e9gy\u00fctem\u0171 benzinmotorja 7 l\u00f3er\u0151s, mindk\u00e9t ir\u00e1nyban kiford\u00edthat\u00f3, a v\u00e1g\u00e1s huzallal t\u00f6rt\u00e9nik, v\u00e1g\u00e1si magass\u00e1g \u00e1ll\u00edthat\u00f3. Munka sz\u00e9less\u00e9g: 600 mm, motor teljes\u00edtm\u00e9ny: 7 LE, t\u00f6meg: 70 kg.<\/li>\n<\/ul>\n\n\n\n<p>A projekt tervez\u00e9se \u00e9s megval\u00f3s\u00edt\u00e1sa sor\u00e1n a lehet\u0151 legteljesebb m\u00e9rt\u00e9kben \u00e9rv\u00e9nyes\u00fclt a k\u00f6lts\u00e9ghat\u00e9konys\u00e1g elve, helyi beszerz\u00e9si szab\u00e1lyzatunkhoz igazodva h\u00e1rom szakkeresked\u00e9sb\u0151l k\u00e9rt\u00fcnk be \u00e1raj\u00e1nlatot, melyek k\u00f6z\u00fcl a legolcs\u00f3bbat v\u00e1lasztottuk.<\/p>\n\n\n\n<p>A k\u00e9t projektet n\u00e9pszer\u0171s\u00edt\u0151 rendezv\u00e9nyt m\u00e1jus 14-\u00e9n \u00e9s j\u00fanius 1-\u00e9n tartottuk.<\/p>\n\n\n\n<p>A t\u00e1mogatott beruh\u00e1z\u00e1s \u2013 m\u00e1s helyi p\u00e1ly\u00e1z\u00f3k k\u00e9relembeny\u00fajt\u00e1si sz\u00e1nd\u00e9k\u00e1t n\u00f6velve \u2013 tov\u00e1bbi fejleszt\u00e9seket, sikeres p\u00e1ly\u00e1zati projekteket gener\u00e1lhat, melyek \u00faj munkahelyeket teremthetnek.<\/p>\n\n\n\n<hr class=\"wp-block-separator has-alpha-channel-opacity\"\/>\n\n\n\n<p class=\"has-large-font-size\"><strong>Fot\u00f3gal\u00e9ria<\/strong><\/p>\n\n\n\n<div class=\"wp-block-group is-nowrap is-layout-flex wp-container-core-group-layout-1 wp-block-group-is-layout-flex\"><\/div>\n\n\n\n<p><\/p>\n\n\n\n<figure class=\"wp-block-gallery has-nested-images columns-default is-cropped wp-block-gallery-1 is-layout-flex wp-block-gallery-is-layout-flex\">\n<figure class=\"wp-block-image size-large\"><a href=\"http:\/\/csep.hu\/wp-content\/uploads\/2025\/03\/IMG_5232.jpeg\"><img loading=\"lazy\" decoding=\"async\" width=\"1024\" height=\"473\" data-id=\"559\" src=\"http:\/\/csep.hu\/wp-content\/uploads\/2025\/03\/IMG_5232-1024x473.jpeg\" alt=\"\" class=\"wp-image-559\" srcset=\"http:\/\/csep.hu\/wp-content\/uploads\/2025\/03\/IMG_5232-1024x473.jpeg 1024w, http:\/\/csep.hu\/wp-content\/uploads\/2025\/03\/IMG_5232-300x139.jpeg 300w, http:\/\/csep.hu\/wp-content\/uploads\/2025\/03\/IMG_5232-768x355.jpeg 768w, http:\/\/csep.hu\/wp-content\/uploads\/2025\/03\/IMG_5232-750x346.jpeg 750w, http:\/\/csep.hu\/wp-content\/uploads\/2025\/03\/IMG_5232.jpeg 1280w\" sizes=\"(max-width: 1024px) 100vw, 1024px\" \/><\/a><\/figure>\n\n\n\n<figure class=\"wp-block-image size-large\"><a href=\"http:\/\/csep.hu\/wp-content\/uploads\/2025\/03\/IMG_5231.jpeg\"><img loading=\"lazy\" decoding=\"async\" width=\"473\" height=\"1024\" data-id=\"562\" src=\"http:\/\/csep.hu\/wp-content\/uploads\/2025\/03\/IMG_5231-473x1024.jpeg\" alt=\"\" class=\"wp-image-562\" srcset=\"http:\/\/csep.hu\/wp-content\/uploads\/2025\/03\/IMG_5231-473x1024.jpeg 473w, http:\/\/csep.hu\/wp-content\/uploads\/2025\/03\/IMG_5231-139x300.jpeg 139w, http:\/\/csep.hu\/wp-content\/uploads\/2025\/03\/IMG_5231.jpeg 591w\" sizes=\"(max-width: 473px) 100vw, 473px\" \/><\/a><\/figure>\n\n\n\n<figure class=\"wp-block-image size-large\"><a href=\"http:\/\/csep.hu\/wp-content\/uploads\/2025\/03\/IMG_5230.jpeg\"><img loading=\"lazy\" decoding=\"async\" width=\"473\" height=\"1024\" data-id=\"560\" src=\"http:\/\/csep.hu\/wp-content\/uploads\/2025\/03\/IMG_5230-473x1024.jpeg\" alt=\"\" class=\"wp-image-560\" srcset=\"http:\/\/csep.hu\/wp-content\/uploads\/2025\/03\/IMG_5230-473x1024.jpeg 473w, http:\/\/csep.hu\/wp-content\/uploads\/2025\/03\/IMG_5230-139x300.jpeg 139w, http:\/\/csep.hu\/wp-content\/uploads\/2025\/03\/IMG_5230.jpeg 591w\" sizes=\"(max-width: 473px) 100vw, 473px\" \/><\/a><\/figure>\n\n\n\n<figure class=\"wp-block-image size-large\"><a href=\"http:\/\/csep.hu\/wp-content\/uploads\/2025\/03\/IMG_5234.jpeg\"><img loading=\"lazy\" decoding=\"async\" width=\"473\" height=\"1024\" data-id=\"558\" src=\"http:\/\/csep.hu\/wp-content\/uploads\/2025\/03\/IMG_5234-473x1024.jpeg\" alt=\"\" class=\"wp-image-558\" srcset=\"http:\/\/csep.hu\/wp-content\/uploads\/2025\/03\/IMG_5234-473x1024.jpeg 473w, http:\/\/csep.hu\/wp-content\/uploads\/2025\/03\/IMG_5234-139x300.jpeg 139w, http:\/\/csep.hu\/wp-content\/uploads\/2025\/03\/IMG_5234.jpeg 591w\" sizes=\"(max-width: 473px) 100vw, 473px\" \/><\/a><\/figure>\n\n\n\n<figure class=\"wp-block-image size-large\"><a href=\"http:\/\/csep.hu\/wp-content\/uploads\/2025\/03\/IMG_5240.jpeg\"><img loading=\"lazy\" decoding=\"async\" width=\"473\" height=\"1024\" data-id=\"561\" src=\"http:\/\/csep.hu\/wp-content\/uploads\/2025\/03\/IMG_5240-473x1024.jpeg\" alt=\"\" class=\"wp-image-561\" srcset=\"http:\/\/csep.hu\/wp-content\/uploads\/2025\/03\/IMG_5240-473x1024.jpeg 473w, http:\/\/csep.hu\/wp-content\/uploads\/2025\/03\/IMG_5240-139x300.jpeg 139w, http:\/\/csep.hu\/wp-content\/uploads\/2025\/03\/IMG_5240.jpeg 591w\" sizes=\"(max-width: 473px) 100vw, 473px\" \/><\/a><\/figure>\n<\/figure>\n","protected":false},"excerpt":{"rendered":"<p>Kedvezm\u00e9nyezett: Cs\u00e9p K\u00f6zs\u00e9g \u00d6nkorm\u00e1nyzata Projekt c\u00edme:A cs\u00e9pi k\u00f6z\u00f6ss\u00e9gi terek kezel\u00e9s\u00e9hez sz\u00fcks\u00e9ges g\u00e9pek beszerz\u00e9se LEADER helyi felh\u00edv\u00e1s c\u00edme, k\u00f3dja: K\u00f6z\u00f6ss\u00e9gi c\u00e9l\u00fa fejleszt\u00e9sek VP6-19.2.1.-8-7-21 T\u00e1mogat\u00e1s \u00f6sszege: 6&nbsp;985 000,- Ft T\u00e1mogat\u00e1s m\u00e9rt\u00e9ke: 100% Projekt azonos\u00edt\u00f3sz\u00e1ma: 3440913958 Projekt helysz\u00edne: 2946 Cs\u00e9p, Kossuth L. u. 52. A projekt tervezett befejez\u00e9si d\u00e1tuma: 2024.12.31. Cs\u00e9p k\u00f6zs\u00e9g z\u00f6ldter\u00fcletei, k\u00f6z\u00f6ss\u00e9gi terei haszn\u00e1lhat\u00f3s\u00e1g\u00e1nak felt\u00e9tele a [&hellip;]<\/p>\n","protected":false},"author":1,"featured_media":0,"parent":0,"menu_order":0,"comment_status":"closed","ping_status":"closed","template":"","meta":{"footnotes":""},"_links":{"self":[{"href":"http:\/\/csep.hu\/index.php?rest_route=\/wp\/v2\/pages\/549"}],"collection":[{"href":"http:\/\/csep.hu\/index.php?rest_route=\/wp\/v2\/pages"}],"about":[{"href":"http:\/\/csep.hu\/index.php?rest_route=\/wp\/v2\/types\/page"}],"author":[{"embeddable":true,"href":"http:\/\/csep.hu\/index.php?rest_route=\/wp\/v2\/users\/1"}],"replies":[{"embeddable":true,"href":"http:\/\/csep.hu\/index.php?rest_route=%2Fwp%2Fv2%2Fcomments&post=549"}],"version-history":[{"count":6,"href":"http:\/\/csep.hu\/index.php?rest_route=\/wp\/v2\/pages\/549\/revisions"}],"predecessor-version":[{"id":565,"href":"http:\/\/csep.hu\/index.php?rest_route=\/wp\/v2\/pages\/549\/revisions\/565"}],"wp:attachment":[{"href":"http:\/\/csep.hu\/index.php?rest_route=%2Fwp%2Fv2%2Fmedia&parent=549"}],"curies":[{"name":"wp","href":"https:\/\/api.w.org\/{rel}","templated":true}]}}