{"id":35,"date":"2015-10-31T18:53:02","date_gmt":"2015-10-31T18:53:02","guid":{"rendered":"http:\/\/csep.hu\/?page_id=35"},"modified":"2015-12-11T23:04:17","modified_gmt":"2015-12-11T23:04:17","slug":"intezmenyek","status":"publish","type":"page","link":"http:\/\/csep.hu\/?page_id=35","title":{"rendered":"Int\u00e9zm\u00e9nyek"},"content":{"rendered":"<table border=\"0\" width=\"100%\" cellspacing=\"0\" cellpadding=\"1\">\n<tbody>\n<tr>\n<td width=\"50%\"><span style=\"text-decoration: underline;\"><strong>Orvosi rendel\u0151<\/strong><\/span><strong> &#8211;\u00a0<\/strong><strong>Dr. Hassan Majed<\/strong><\/p>\n<p><strong>C\u00edm:<\/strong>\u00a0Cs\u00e9p, Kossuth Lajos utca 52.<\/p>\n<p><strong>Telefon:<\/strong> +36 34\/357-677<\/p>\n<p><strong>Mobil:<\/strong> +36 20\/355-1416<\/p>\n<p><strong>Kedd:<\/strong> 8.00 &#8211; 12.00<\/p>\n<dl>\n<dd><\/dd>\n<\/dl>\n<\/td>\n<td style=\"text-align: center;\"><a href=\"http:\/\/csep.hu\/wp-content\/uploads\/2015\/11\/orvosi.jpg\" target=\"_blank\"><img loading=\"lazy\" decoding=\"async\" class=\"aligncenter wp-image-39 size-medium\" src=\"http:\/\/csep.hu\/wp-content\/uploads\/2015\/11\/orvosi-300x200.jpg\" alt=\"orvosi rendel\u0151\" width=\"300\" height=\"200\" srcset=\"http:\/\/csep.hu\/wp-content\/uploads\/2015\/11\/orvosi-300x200.jpg 300w, http:\/\/csep.hu\/wp-content\/uploads\/2015\/11\/orvosi-750x501.jpg 750w, http:\/\/csep.hu\/wp-content\/uploads\/2015\/11\/orvosi.jpg 800w\" sizes=\"(max-width: 300px) 100vw, 300px\" \/><\/a><\/td>\n<\/tr>\n<\/tbody>\n<\/table>\n<hr \/>\n<table border=\"0\" width=\"100%\" cellspacing=\"0\" cellpadding=\"1\">\n<tbody>\n<tr>\n<td width=\"50%\"><span style=\"text-decoration: underline;\"><strong>Fogorvos<\/strong><\/span><strong>\u00a0&#8211;<\/strong><strong>\u00a0<\/strong><strong>Dr. G\u00e1l\u00a0Viktor<\/strong><\/p>\n<p><strong>C\u00edm:<\/strong>\u00a0Nagyigm\u00e1nd, Bajcsy- Zsilinszky utca 2\/a<\/p>\n<p><strong>Telefon:<\/strong> +36 34\/356-684<\/p>\n<p><strong>Kedd:<\/strong> 12.00 &#8211; 15.00<\/p>\n<p><strong>Cs\u00fct\u00f6rt\u00f6k:<\/strong>\u00a012.00 &#8211; 18.00<\/p>\n<p><strong>P\u00e9ntek:<\/strong>\u00a08.00 &#8211; 12.00<\/td>\n<td>\u00a0<a href=\"http:\/\/csep.hu\/wp-content\/uploads\/2015\/11\/rendelo.jpg\" target=\"_blank\"><img loading=\"lazy\" decoding=\"async\" class=\"aligncenter wp-image-45 size-medium\" src=\"http:\/\/csep.hu\/wp-content\/uploads\/2015\/11\/rendelo-300x153.jpg\" alt=\"rendelo\" width=\"300\" height=\"153\" srcset=\"http:\/\/csep.hu\/wp-content\/uploads\/2015\/11\/rendelo-300x153.jpg 300w, http:\/\/csep.hu\/wp-content\/uploads\/2015\/11\/rendelo-1024x521.jpg 1024w, http:\/\/csep.hu\/wp-content\/uploads\/2015\/11\/rendelo-750x381.jpg 750w, http:\/\/csep.hu\/wp-content\/uploads\/2015\/11\/rendelo.jpg 1200w\" sizes=\"(max-width: 300px) 100vw, 300px\" \/><\/a><\/td>\n<\/tr>\n<\/tbody>\n<\/table>\n<hr \/>\n<table border=\"0\" width=\"100%\" cellspacing=\"0\" cellpadding=\"1\">\n<tbody>\n<tr>\n<td width=\"50%\"><span style=\"text-decoration: underline;\"><strong>Orvosi \u00fcgyelet<\/strong><\/span><\/p>\n<p><strong>C\u00edm:<\/strong>\u00a0Kom\u00e1rom (Sz\u0151ny), Sz\u00e9chenyi \u00fat 1.<\/p>\n<p><strong>Telefon:<\/strong> +36 34\/344-770<\/p>\n<p><strong>H\u00e9tf\u0151t\u0151l &#8211; P\u00e9ntekig:<\/strong> 16.00 &#8211; 8.00<\/p>\n<p><strong>P\u00e9ntek:<\/strong>\u00a016.00 &#8211; <strong>H\u00e9tf\u0151:<\/strong>\u00a08.00<\/td>\n<td>\u00a0<a href=\"http:\/\/csep.hu\/wp-content\/uploads\/2015\/11\/ugyelet.jpg\"><img loading=\"lazy\" decoding=\"async\" class=\"aligncenter size-medium wp-image-70\" src=\"http:\/\/csep.hu\/wp-content\/uploads\/2015\/11\/ugyelet-300x160.jpg\" alt=\"ugyelet\" width=\"300\" height=\"160\" srcset=\"http:\/\/csep.hu\/wp-content\/uploads\/2015\/11\/ugyelet-300x160.jpg 300w, http:\/\/csep.hu\/wp-content\/uploads\/2015\/11\/ugyelet-1024x547.jpg 1024w, http:\/\/csep.hu\/wp-content\/uploads\/2015\/11\/ugyelet-750x400.jpg 750w, http:\/\/csep.hu\/wp-content\/uploads\/2015\/11\/ugyelet.jpg 1560w\" sizes=\"(max-width: 300px) 100vw, 300px\" \/><\/a><a href=\"http:\/\/csep.hu\/wp-content\/uploads\/2015\/11\/rendelo.jpg\" target=\"_blank\"><br \/>\n<\/a><\/td>\n<\/tr>\n<\/tbody>\n<\/table>\n<hr \/>\n<table border=\"0\" width=\"100%\" cellspacing=\"0\" cellpadding=\"1\">\n<tbody>\n<tr>\n<td width=\"50%\"><span style=\"text-decoration: underline;\"><strong>Csal\u00e1dseg\u00edt\u0151 \u00e9s gyermekj\u00f3l\u00e9ti szolg\u00e1lat<\/strong><\/span><\/p>\n<p><strong>C\u00edm:\u00a0<\/strong>Cs\u00e9p, Kossuth Lajos utca 77.<\/p>\n<p><strong>Csal\u00e1dseg\u00edt\u00f6:<\/strong> Sz\u00edjj M\u00f3nika<\/p>\n<p><strong>Telefon:<\/strong> +36 34\/353-133<\/p>\n<p><strong>Gyermekj\u00f3l\u00e9ti szolg.:<\/strong> Volf Ott\u00edlia<\/p>\n<p><strong>Telefon:<\/strong>\u00a0+36 34\/353-133<\/p>\n<p><strong>H\u00e9tf\u0151: <\/strong>9.00 &#8211; 12.00<\/td>\n<td>\u00a0<a href=\"http:\/\/csep.hu\/wp-content\/uploads\/2015\/11\/DSC_8829.jpg\"><img loading=\"lazy\" decoding=\"async\" class=\"aligncenter wp-image-89 size-medium\" src=\"http:\/\/csep.hu\/wp-content\/uploads\/2015\/11\/DSC_8829-300x200.jpg\" alt=\"\" width=\"300\" height=\"200\" srcset=\"http:\/\/csep.hu\/wp-content\/uploads\/2015\/11\/DSC_8829-300x200.jpg 300w, http:\/\/csep.hu\/wp-content\/uploads\/2015\/11\/DSC_8829.jpg 1024w, http:\/\/csep.hu\/wp-content\/uploads\/2015\/11\/DSC_8829-750x500.jpg 750w\" sizes=\"(max-width: 300px) 100vw, 300px\" \/><\/a><a href=\"http:\/\/csep.hu\/wp-content\/uploads\/2015\/11\/ugyelet.jpg\"><br \/>\n<\/a><a href=\"http:\/\/csep.hu\/wp-content\/uploads\/2015\/11\/rendelo.jpg\" target=\"_blank\"><br \/>\n<\/a><\/td>\n<\/tr>\n<\/tbody>\n<\/table>\n<hr \/>\n<table border=\"0\" width=\"100%\" cellspacing=\"0\" cellpadding=\"1\">\n<tbody>\n<tr>\n<td width=\"50%\"><span style=\"text-decoration: underline;\"><strong>Falugazd\u00e1sz\u00a0<\/strong><\/span><strong>&#8211;<\/strong><strong>\u00a0<\/strong><strong>Behek Marcell<\/strong><\/p>\n<p><strong>C\u00edm:\u00a0<\/strong>Cs\u00e9p, Kossuth Lajos utca 77.<\/p>\n<p><strong>Telefon:<\/strong> +36 70\/436-3334<\/p>\n<p><strong>\u00dcgyf\u00e9lfogad\u00e1s:<\/strong> minden p\u00e1ros h\u00e9ten kedden 08.00-10.00- ig<\/p>\n<p>&nbsp;<\/td>\n<td><a href=\"http:\/\/csep.hu\/wp-content\/uploads\/2015\/11\/DSC_8829.jpg\"><img loading=\"lazy\" decoding=\"async\" class=\"aligncenter wp-image-89 size-medium\" src=\"http:\/\/csep.hu\/wp-content\/uploads\/2015\/11\/DSC_8829-300x200.jpg\" alt=\"\" width=\"300\" height=\"200\" srcset=\"http:\/\/csep.hu\/wp-content\/uploads\/2015\/11\/DSC_8829-300x200.jpg 300w, http:\/\/csep.hu\/wp-content\/uploads\/2015\/11\/DSC_8829.jpg 1024w, http:\/\/csep.hu\/wp-content\/uploads\/2015\/11\/DSC_8829-750x500.jpg 750w\" sizes=\"(max-width: 300px) 100vw, 300px\" \/><\/a><a href=\"http:\/\/csep.hu\/wp-content\/uploads\/2015\/11\/rendelo.jpg\" target=\"_blank\"><br \/>\n<\/a><\/td>\n<\/tr>\n<\/tbody>\n<\/table>\n<hr \/>\n<table border=\"0\" width=\"100%\" cellspacing=\"0\" cellpadding=\"1\">\n<tbody>\n<tr>\n<td width=\"50%\"><strong><span style=\"text-decoration: underline;\">Falugondnok:<\/span> Sz\u00e9ber J\u00f3zsef<\/strong><\/p>\n<p><strong>C\u00edm:\u00a0<\/strong>Cs\u00e9p, Kossuth Lajos utca 52.<\/p>\n<p><strong>Telefon:<\/strong> +36\u00a020\/590-7121<\/p>\n<p><strong>\u00dcgyseg\u00e9di \u00fcgyf\u00e9lfogad\u00e1s: <\/strong>minden kedden 14.30 &#8211; 15.30- ig<\/td>\n<td>\u00a0<a href=\"http:\/\/csep.hu\/wp-content\/uploads\/2015\/11\/kozseghaza.jpg\"><img loading=\"lazy\" decoding=\"async\" class=\"aligncenter size-medium wp-image-76\" src=\"http:\/\/csep.hu\/wp-content\/uploads\/2015\/11\/kozseghaza-300x200.jpg\" alt=\"kozseghaza\" width=\"300\" height=\"200\" srcset=\"http:\/\/csep.hu\/wp-content\/uploads\/2015\/11\/kozseghaza-300x200.jpg 300w, http:\/\/csep.hu\/wp-content\/uploads\/2015\/11\/kozseghaza.jpg 1024w, http:\/\/csep.hu\/wp-content\/uploads\/2015\/11\/kozseghaza-750x500.jpg 750w\" sizes=\"(max-width: 300px) 100vw, 300px\" \/><\/a><br \/>\n<a href=\"http:\/\/csep.hu\/wp-content\/uploads\/2015\/11\/rendelo.jpg\" target=\"_blank\"><br \/>\n<\/a><\/td>\n<\/tr>\n<\/tbody>\n<\/table>\n<hr \/>\n<table border=\"0\" width=\"100%\" cellspacing=\"0\" cellpadding=\"1\">\n<tbody>\n<tr>\n<td width=\"50%\"><span style=\"text-decoration: underline;\"><strong>K\u00f6nyvt\u00e1ros:\u00a0<\/strong><\/span>Nagyn\u00e9 Szab\u00f3 Judit<\/p>\n<p><strong>C\u00edm: <\/strong>Cs\u00e9p, Kossuth Lajos utca 77.<\/p>\n<p><strong>Telefon:<\/strong> +36\u00a034\/387-054<\/p>\n<p><strong>Nyitva tart\u00e1s:<\/strong> Kedd 16.00- 19.00- ig,\u00a0\u00a0P\u00e9ntek 16.00-19.00- ig<\/td>\n<td>\u00a0<a href=\"http:\/\/csep.hu\/wp-content\/uploads\/2015\/11\/kozseghaza.jpg\"><br \/>\n<\/a><a href=\"http:\/\/csep.hu\/wp-content\/uploads\/2015\/11\/DSC_8829.jpg\"><img loading=\"lazy\" decoding=\"async\" class=\"aligncenter wp-image-89 size-medium\" src=\"http:\/\/csep.hu\/wp-content\/uploads\/2015\/11\/DSC_8829-300x200.jpg\" alt=\"\" width=\"300\" height=\"200\" srcset=\"http:\/\/csep.hu\/wp-content\/uploads\/2015\/11\/DSC_8829-300x200.jpg 300w, http:\/\/csep.hu\/wp-content\/uploads\/2015\/11\/DSC_8829.jpg 1024w, http:\/\/csep.hu\/wp-content\/uploads\/2015\/11\/DSC_8829-750x500.jpg 750w\" sizes=\"(max-width: 300px) 100vw, 300px\" \/><\/a><br \/>\n<a href=\"http:\/\/csep.hu\/wp-content\/uploads\/2015\/11\/rendelo.jpg\" target=\"_blank\"><br \/>\n<\/a><\/td>\n<\/tr>\n<\/tbody>\n<\/table>\n","protected":false},"excerpt":{"rendered":"<p>Orvosi rendel\u0151 &#8211;\u00a0Dr. Hassan Majed C\u00edm:\u00a0Cs\u00e9p, Kossuth Lajos utca 52. Telefon: +36 34\/357-677 Mobil: +36 20\/355-1416 Kedd: 8.00 &#8211; 12.00 Fogorvos\u00a0&#8211;\u00a0Dr. G\u00e1l\u00a0Viktor C\u00edm:\u00a0Nagyigm\u00e1nd, Bajcsy- Zsilinszky utca 2\/a Telefon: +36 34\/356-684 Kedd: 12.00 &#8211; 15.00 Cs\u00fct\u00f6rt\u00f6k:\u00a012.00 &#8211; 18.00 P\u00e9ntek:\u00a08.00 &#8211; 12.00 \u00a0 Orvosi \u00fcgyelet C\u00edm:\u00a0Kom\u00e1rom (Sz\u0151ny), Sz\u00e9chenyi \u00fat 1. Telefon: +36 34\/344-770 H\u00e9tf\u0151t\u0151l &#8211; P\u00e9ntekig: 16.00 [&hellip;]<\/p>\n","protected":false},"author":1,"featured_media":0,"parent":0,"menu_order":0,"comment_status":"closed","ping_status":"closed","template":"","meta":{"footnotes":""},"_links":{"self":[{"href":"http:\/\/csep.hu\/index.php?rest_route=\/wp\/v2\/pages\/35"}],"collection":[{"href":"http:\/\/csep.hu\/index.php?rest_route=\/wp\/v2\/pages"}],"about":[{"href":"http:\/\/csep.hu\/index.php?rest_route=\/wp\/v2\/types\/page"}],"author":[{"embeddable":true,"href":"http:\/\/csep.hu\/index.php?rest_route=\/wp\/v2\/users\/1"}],"replies":[{"embeddable":true,"href":"http:\/\/csep.hu\/index.php?rest_route=%2Fwp%2Fv2%2Fcomments&post=35"}],"version-history":[{"count":20,"href":"http:\/\/csep.hu\/index.php?rest_route=\/wp\/v2\/pages\/35\/revisions"}],"predecessor-version":[{"id":106,"href":"http:\/\/csep.hu\/index.php?rest_route=\/wp\/v2\/pages\/35\/revisions\/106"}],"wp:attachment":[{"href":"http:\/\/csep.hu\/index.php?rest_route=%2Fwp%2Fv2%2Fmedia&parent=35"}],"curies":[{"name":"wp","href":"https:\/\/api.w.org\/{rel}","templated":true}]}}